{"id":39994,"date":"2026-01-07T07:23:02","date_gmt":"2026-01-07T12:23:02","guid":{"rendered":"https:\/\/prueba.csgabriel.edu.ec\/?page_id=39994"},"modified":"2026-02-18T08:08:18","modified_gmt":"2026-02-18T13:08:18","slug":"prodigio-de-la-dolorosa-2","status":"publish","type":"page","link":"https:\/\/prueba.csgabriel.edu.ec\/en\/prodigio-de-la-dolorosa-2\/","title":{"rendered":"Prodigy of Our Lady of Sorrows"},"content":{"rendered":"<div data-elementor-type=\"wp-page\" data-elementor-id=\"39994\" class=\"elementor elementor-39994\" data-elementor-settings=\"{&quot;ha_cmc_init_switcher&quot;:&quot;no&quot;}\" data-elementor-post-type=\"page\">\n\t\t\t\t<div class=\"elementor-element elementor-element-18f82ae e-flex e-con-boxed e-con e-parent\" data-id=\"18f82ae\" data-element_type=\"container\" data-e-type=\"container\" data-settings=\"{&quot;background_background&quot;:&quot;classic&quot;,&quot;_ha_eqh_enable&quot;:false}\">\n\t\t\t\t\t<div class=\"e-con-inner\">\n\t\t\t\t<div class=\"elementor-element elementor-element-4078218 elementor-widget elementor-widget-spacer\" data-id=\"4078218\" data-element_type=\"widget\" data-e-type=\"widget\" data-widget_type=\"spacer.default\">\n\t\t\t\t<div class=\"elementor-widget-container\">\n\t\t\t\t\t\t\t<div class=\"elementor-spacer\">\n\t\t\t<div class=\"elementor-spacer-inner\"><\/div>\n\t\t<\/div>\n\t\t\t\t\t\t<\/div>\n\t\t\t\t<\/div>\n\t\t\t\t\t<\/div>\n\t\t\t\t<\/div>\n\t\t<div class=\"elementor-element elementor-element-13be09d e-con-full e-flex e-con e-parent\" data-id=\"13be09d\" data-element_type=\"container\" data-e-type=\"container\" data-settings=\"{&quot;_ha_eqh_enable&quot;:false}\">\n\t\t\t\t<div class=\"elementor-element elementor-element-e3d18e8 elementor-nav-menu--dropdown-none elementor-widget__width-initial elementor-widget-mobile__width-initial elementor-nav-menu__align-center elementor-widget elementor-widget-nav-menu\" data-id=\"e3d18e8\" data-element_type=\"widget\" data-e-type=\"widget\" data-settings=\"{&quot;submenu_icon&quot;:{&quot;value&quot;:&quot;&lt;i class=\\&quot;\\&quot; aria-hidden=\\&quot;true\\&quot;&gt;&lt;\\\/i&gt;&quot;,&quot;library&quot;:&quot;&quot;},&quot;layout&quot;:&quot;horizontal&quot;}\" data-widget_type=\"nav-menu.default\">\n\t\t\t\t<div class=\"elementor-widget-container\">\n\t\t\t\t\t\t\t\t<nav aria-label=\"Men\u00fa\" class=\"elementor-nav-menu--main elementor-nav-menu__container elementor-nav-menu--layout-horizontal e--pointer-framed e--animation-fade\">\n\t\t\t\t<ul id=\"menu-1-e3d18e8\" class=\"elementor-nav-menu\"><li class=\"menu-item menu-item-type-post_type menu-item-object-page menu-item-40761\"><a href=\"https:\/\/prueba.csgabriel.edu.ec\/en\/bienvenida-del-rector\/\" class=\"elementor-item\">Principal\u2019s Welcome<\/a><\/li>\n<li class=\"menu-item menu-item-type-post_type menu-item-object-page menu-item-40653\"><a href=\"https:\/\/prueba.csgabriel.edu.ec\/en\/mision-vision-y-valores\/\" class=\"elementor-item\">Mission, Vision and Values<\/a><\/li>\n<li class=\"menu-item menu-item-type-post_type menu-item-object-page menu-item-40003\"><a href=\"https:\/\/prueba.csgabriel.edu.ec\/en\/prodigio-de-la-dolorosa-2\/\" class=\"elementor-item\">Prodigy of Our Lady of Sorrows<\/a><\/li>\n<li class=\"menu-item menu-item-type-post_type menu-item-object-page menu-item-40006\"><a href=\"https:\/\/prueba.csgabriel.edu.ec\/en\/autoridades\/\" class=\"elementor-item\">Authorities<\/a><\/li>\n<li class=\"menu-item menu-item-type-post_type menu-item-object-page menu-item-42111\"><a href=\"https:\/\/prueba.csgabriel.edu.ec\/en\/documentos-institucionales\/\" class=\"elementor-item\">Institutional Documents<\/a><\/li>\n<\/ul>\t\t\t<\/nav>\n\t\t\t\t\t\t<nav class=\"elementor-nav-menu--dropdown elementor-nav-menu__container\" aria-hidden=\"true\">\n\t\t\t\t<ul id=\"menu-2-e3d18e8\" class=\"elementor-nav-menu\"><li class=\"menu-item menu-item-type-post_type menu-item-object-page menu-item-40761\"><a href=\"https:\/\/prueba.csgabriel.edu.ec\/en\/bienvenida-del-rector\/\" class=\"elementor-item\" tabindex=\"-1\">Principal\u2019s Welcome<\/a><\/li>\n<li class=\"menu-item menu-item-type-post_type menu-item-object-page menu-item-40653\"><a href=\"https:\/\/prueba.csgabriel.edu.ec\/en\/mision-vision-y-valores\/\" class=\"elementor-item\" tabindex=\"-1\">Mission, Vision and Values<\/a><\/li>\n<li class=\"menu-item menu-item-type-post_type menu-item-object-page menu-item-40003\"><a href=\"https:\/\/prueba.csgabriel.edu.ec\/en\/prodigio-de-la-dolorosa-2\/\" class=\"elementor-item\" tabindex=\"-1\">Prodigy of Our Lady of Sorrows<\/a><\/li>\n<li class=\"menu-item menu-item-type-post_type menu-item-object-page menu-item-40006\"><a href=\"https:\/\/prueba.csgabriel.edu.ec\/en\/autoridades\/\" class=\"elementor-item\" tabindex=\"-1\">Authorities<\/a><\/li>\n<li class=\"menu-item menu-item-type-post_type menu-item-object-page menu-item-42111\"><a href=\"https:\/\/prueba.csgabriel.edu.ec\/en\/documentos-institucionales\/\" class=\"elementor-item\" tabindex=\"-1\">Institutional Documents<\/a><\/li>\n<\/ul>\t\t\t<\/nav>\n\t\t\t\t\t\t<\/div>\n\t\t\t\t<\/div>\n\t\t\t\t<\/div>\n\t\t<div class=\"elementor-element elementor-element-912174f e-con-full e-flex e-con e-parent\" data-id=\"912174f\" data-element_type=\"container\" data-e-type=\"container\" data-settings=\"{&quot;background_background&quot;:&quot;classic&quot;,&quot;_ha_eqh_enable&quot;:false}\">\n\t\t\t\t<div class=\"elementor-element elementor-element-e63745b elementor-widget elementor-widget-hfe-breadcrumbs-widget\" data-id=\"e63745b\" data-element_type=\"widget\" data-e-type=\"widget\" data-widget_type=\"hfe-breadcrumbs-widget.default\">\n\t\t\t\t<div class=\"elementor-widget-container\">\n\t\t\t\t\t<nav aria-label=\"Breadcrumb\"><ul class=\"hfe-breadcrumbs hfe-breadcrumbs-show-home\"><li class=\"hfe-breadcrumbs-item hfe-breadcrumbs-first\"><span class=\"hfe-breadcrumbs-home-icon\"><\/span><a href=\"https:\/\/prueba.csgabriel.edu.ec\/en\"><span class=\"hfe-breadcrumbs-text\">Home<\/span><\/a><\/li><\/ul><\/nav>\t\t\t\t<\/div>\n\t\t\t\t<\/div>\n\t\t\t\t<\/div>\n\t\t<div class=\"elementor-element elementor-element-51583bb e-con-full e-flex e-con e-parent\" data-id=\"51583bb\" data-element_type=\"container\" data-e-type=\"container\" data-settings=\"{&quot;_ha_eqh_enable&quot;:false}\">\n\t\t\t\t<div class=\"elementor-element elementor-element-e5bd3fb elementor-widget elementor-widget-heading\" data-id=\"e5bd3fb\" data-element_type=\"widget\" data-e-type=\"widget\" data-widget_type=\"heading.default\">\n\t\t\t\t<div class=\"elementor-widget-container\">\n\t\t\t\t\t<h2 class=\"elementor-heading-title elementor-size-default\">A MIRACLE OF LOVE\n<\/h2>\t\t\t\t<\/div>\n\t\t\t\t<\/div>\n\t\t\t\t<div class=\"elementor-element elementor-element-68e5b98 elementor-widget elementor-widget-heading\" data-id=\"68e5b98\" data-element_type=\"widget\" data-e-type=\"widget\" data-widget_type=\"heading.default\">\n\t\t\t\t<div class=\"elementor-widget-container\">\n\t\t\t\t\t<h2 class=\"elementor-heading-title elementor-size-default\">Our Lady of Sorrows of the School<\/h2>\t\t\t\t<\/div>\n\t\t\t\t<\/div>\n\t\t\t\t<\/div>\n\t\t<div class=\"elementor-element elementor-element-df17142 e-con-full e-flex e-con e-parent\" data-id=\"df17142\" data-element_type=\"container\" data-e-type=\"container\" data-settings=\"{&quot;_ha_eqh_enable&quot;:false}\">\n\t\t\t\t<div class=\"elementor-element elementor-element-cd26ff4 elementor-widget elementor-widget-image\" data-id=\"cd26ff4\" data-element_type=\"widget\" data-e-type=\"widget\" data-widget_type=\"image.default\">\n\t\t\t\t<div class=\"elementor-widget-container\">\n\t\t\t\t\t\t\t\t\t\t\t\t\t\t\t<img fetchpriority=\"high\" decoding=\"async\" width=\"2560\" height=\"842\" src=\"https:\/\/prueba.csgabriel.edu.ec\/wp-content\/uploads\/2026\/01\/Mesa-de-trabajo-4@2x-100-scaled.jpg\" class=\"attachment-full size-full wp-image-39996\" alt=\"\" srcset=\"https:\/\/prueba.csgabriel.edu.ec\/wp-content\/uploads\/2026\/01\/Mesa-de-trabajo-4@2x-100-scaled.jpg 2560w, https:\/\/prueba.csgabriel.edu.ec\/wp-content\/uploads\/2026\/01\/Mesa-de-trabajo-4@2x-100-300x99.jpg 300w, https:\/\/prueba.csgabriel.edu.ec\/wp-content\/uploads\/2026\/01\/Mesa-de-trabajo-4@2x-100-1024x337.jpg 1024w, https:\/\/prueba.csgabriel.edu.ec\/wp-content\/uploads\/2026\/01\/Mesa-de-trabajo-4@2x-100-768x253.jpg 768w, https:\/\/prueba.csgabriel.edu.ec\/wp-content\/uploads\/2026\/01\/Mesa-de-trabajo-4@2x-100-1536x505.jpg 1536w, https:\/\/prueba.csgabriel.edu.ec\/wp-content\/uploads\/2026\/01\/Mesa-de-trabajo-4@2x-100-2048x674.jpg 2048w\" sizes=\"(max-width: 2560px) 100vw, 2560px\" \/>\t\t\t\t\t\t\t\t\t\t\t\t\t\t\t<\/div>\n\t\t\t\t<\/div>\n\t\t\t\t<\/div>\n\t\t<div class=\"elementor-element elementor-element-db6d61e e-con-full e-flex e-con e-parent\" data-id=\"db6d61e\" data-element_type=\"container\" data-e-type=\"container\" data-settings=\"{&quot;_ha_eqh_enable&quot;:false}\">\n\t\t\t\t<div class=\"elementor-element elementor-element-3aabdec elementor-widget elementor-widget-text-editor\" data-id=\"3aabdec\" data-element_type=\"widget\" data-e-type=\"widget\" data-widget_type=\"text-editor.default\">\n\t\t\t\t<div class=\"elementor-widget-container\">\n\t\t\t\t\t\t\t\t\t<p>It was the night of April 20, 1906, at the old San Gabriel School building, located at Benalc\u00e1zar and Sucre streets in the Historic Center of Quito. The Easter vacation was underway. Only 35 boarding students were dining in the cafeteria. The clock struck 8 p.m.<\/p><p>On the right side of the table, on the wall, a lithograph of the Virgin of Sorrows accompanied the students. Very close to the image were Jaime Ch\u00e1vez, Carlos Hermann, and Donoso.<\/p>\t\t\t\t\t\t\t\t<\/div>\n\t\t\t\t<\/div>\n\t\t\t\t<\/div>\n\t\t<div class=\"elementor-element elementor-element-1064547 e-con-full e-flex e-con e-parent\" data-id=\"1064547\" data-element_type=\"container\" data-e-type=\"container\" data-settings=\"{&quot;_ha_eqh_enable&quot;:false}\">\n\t\t<div class=\"elementor-element elementor-element-83c4879 e-con-full elementor-hidden-mobile e-flex e-con e-child\" data-id=\"83c4879\" data-element_type=\"container\" data-e-type=\"container\" data-settings=\"{&quot;_ha_eqh_enable&quot;:false}\">\n\t\t\t\t<\/div>\n\t\t<div class=\"elementor-element elementor-element-fb70aad e-con-full e-flex e-con e-child\" data-id=\"fb70aad\" data-element_type=\"container\" data-e-type=\"container\" data-settings=\"{&quot;_ha_eqh_enable&quot;:false}\">\n\t\t\t\t<div class=\"elementor-element elementor-element-202c84b elementor-widget elementor-widget-text-editor\" data-id=\"202c84b\" data-element_type=\"widget\" data-e-type=\"widget\" data-widget_type=\"text-editor.default\">\n\t\t\t\t<div class=\"elementor-widget-container\">\n\t\t\t\t\t\t\t\t\t<p><strong>Suddenly, Hermann was stunned. He noticed that the eyelids of the image were moving. At first, the boy thought it was an illusion, but when he realized it was really happening, he exclaimed, \u201cLook at the Virgin!\u201d Both remained astonished as they watched the image open and close its eyes like a living person.\u00a0<\/strong><strong>imagen se mov\u00edan. En un primer momento el peque\u00f1o crey\u00f3 que lo\u00a0<\/strong><strong>visto era producto de su imaginaci\u00f3n. Sin embargo, Ch\u00e1vez, quien\u00a0<\/strong><strong>tambi\u00e9n se hab\u00eda fijado en la imagen dijo \u201c\u00a1Ve a la Virgen\u201d! Ambos\u00a0<\/strong><strong>quedaron at\u00f3nitos observando que la imagen abr\u00eda y cerraba los ojos\u00a0<\/strong><strong>como una persona viva.<\/strong><\/p>\t\t\t\t\t\t\t\t<\/div>\n\t\t\t\t<\/div>\n\t\t\t\t<\/div>\n\t\t\t\t<\/div>\n\t\t<div class=\"elementor-element elementor-element-64385cf e-con-full e-flex e-con e-parent\" data-id=\"64385cf\" data-element_type=\"container\" data-e-type=\"container\" data-settings=\"{&quot;_ha_eqh_enable&quot;:false}\">\n\t\t\t\t<div class=\"elementor-element elementor-element-a10e52c elementor-widget elementor-widget-text-editor\" data-id=\"a10e52c\" data-element_type=\"widget\" data-e-type=\"widget\" data-widget_type=\"text-editor.default\">\n\t\t\t\t<div class=\"elementor-widget-container\">\n\t\t\t\t\t\t\t\t\t<p>Overwhelmed by such an unexpected and strange phenomenon, and seeing that the image continued moving its eyes, Ch\u00e1vez invited his companion to pray a Our Father and a Hail Mary.<\/p><p>Gradually, word spread among the other students. One of them reported the event to Andr\u00e9s Roesch S.J., the school prefect, and Luis Alberdi S.J., the inspector.\u00a0<\/p><p><strong>Alberdi told Roesch: \u201cFather, this is a miracle.\u201d The prefect approached the painting and then returned to his seat. \u201cI felt a cold that ran through my body, seeing that the image indeed opened and closed its eyes. Whenever this happened, all the children present shouted in unison, \u2018Now open, now close,\u2019\u201d recounted Alberdi in his testimony about the miraculous event, which repeated several times and lasted about 15 minutes.<\/strong> Although the Blessed Virgin continued opening and closing her eyes, everyone went to the chapel to pray the rosary. After the students left the dining hall, news of the event spread throughout the school.<\/p>\t\t\t\t\t\t\t\t<\/div>\n\t\t\t\t<\/div>\n\t\t\t\t<\/div>\n\t\t<div class=\"elementor-element elementor-element-95d3620 e-con-full e-flex e-con e-parent\" data-id=\"95d3620\" data-element_type=\"container\" data-e-type=\"container\" data-settings=\"{&quot;_ha_eqh_enable&quot;:false}\">\n\t\t<div class=\"elementor-element elementor-element-1eee0d1 e-con-full e-flex e-con e-child\" data-id=\"1eee0d1\" data-element_type=\"container\" data-e-type=\"container\" data-settings=\"{&quot;background_background&quot;:&quot;classic&quot;,&quot;_ha_eqh_enable&quot;:false}\">\n\t\t\t\t<div class=\"elementor-element elementor-element-03e7b45 elementor-widget elementor-widget-text-editor\" data-id=\"03e7b45\" data-element_type=\"widget\" data-e-type=\"widget\" data-widget_type=\"text-editor.default\">\n\t\t\t\t<div class=\"elementor-widget-container\">\n\t\t\t\t\t\t\t\t\t<p><strong>On April 21, rumors of the strange occurrence circulated in Quito. The highest ecclesiastical authority at the time, Monsignor Ulpiano L\u00f3pez Qui\u00f1onez, Vicario Capitular, ordered that \u201cthe image be covered and that nothing be published in the press or from the pulpit regarding this event until its authenticity and value are determined.\u201d<\/strong><\/p><p>Despite the students\u2019 and public\u2019s dissatisfaction, the painting was hidden and no one could see it. On April 27, the Vicario Capitular decreed that witnesses to the event be investigated. Two days later, the Vicario, along with Alejandro L\u00f3pez, Secretary of the Curia, and V\u00edctor G\u00f3mez Jurado, Notary, visited San Gabriel School.<\/p>\t\t\t\t\t\t\t\t<\/div>\n\t\t\t\t<\/div>\n\t\t\t\t<\/div>\n\t\t\t\t<\/div>\n\t\t<div class=\"elementor-element elementor-element-2e8f33d e-con-full e-flex e-con e-parent\" data-id=\"2e8f33d\" data-element_type=\"container\" data-e-type=\"container\" data-settings=\"{&quot;_ha_eqh_enable&quot;:false}\">\n\t\t<div class=\"elementor-element elementor-element-145db9a e-con-full e-flex e-con e-child\" data-id=\"145db9a\" data-element_type=\"container\" data-e-type=\"container\" data-settings=\"{&quot;_ha_eqh_enable&quot;:false}\">\n\t\t\t\t<div class=\"elementor-element elementor-element-2398f77 elementor-widget elementor-widget-image\" data-id=\"2398f77\" data-element_type=\"widget\" data-e-type=\"widget\" data-widget_type=\"image.default\">\n\t\t\t\t<div class=\"elementor-widget-container\">\n\t\t\t\t\t\t\t\t\t\t\t\t\t\t\t<img decoding=\"async\" width=\"800\" height=\"600\" src=\"https:\/\/prueba.csgabriel.edu.ec\/wp-content\/uploads\/2026\/01\/FQEFBKPHSFHLBHPYT77GGS5JEI-1024x768.jpg\" class=\"attachment-large size-large wp-image-39998\" alt=\"\" srcset=\"https:\/\/prueba.csgabriel.edu.ec\/wp-content\/uploads\/2026\/01\/FQEFBKPHSFHLBHPYT77GGS5JEI-1024x768.jpg 1024w, https:\/\/prueba.csgabriel.edu.ec\/wp-content\/uploads\/2026\/01\/FQEFBKPHSFHLBHPYT77GGS5JEI-300x225.jpg 300w, https:\/\/prueba.csgabriel.edu.ec\/wp-content\/uploads\/2026\/01\/FQEFBKPHSFHLBHPYT77GGS5JEI-768x576.jpg 768w, https:\/\/prueba.csgabriel.edu.ec\/wp-content\/uploads\/2026\/01\/FQEFBKPHSFHLBHPYT77GGS5JEI.jpg 1200w\" sizes=\"(max-width: 800px) 100vw, 800px\" \/>\t\t\t\t\t\t\t\t\t\t\t\t\t\t\t<\/div>\n\t\t\t\t<\/div>\n\t\t\t\t<\/div>\n\t\t<div class=\"elementor-element elementor-element-882c3d6 e-con-full e-flex e-con e-child\" data-id=\"882c3d6\" data-element_type=\"container\" data-e-type=\"container\" data-settings=\"{&quot;_ha_eqh_enable&quot;:false}\">\n\t\t\t\t<div class=\"elementor-element elementor-element-dedea4d elementor-widget-laptop__width-initial elementor-widget elementor-widget-text-editor\" data-id=\"dedea4d\" data-element_type=\"widget\" data-e-type=\"widget\" data-widget_type=\"text-editor.default\">\n\t\t\t\t<div class=\"elementor-widget-container\">\n\t\t\t\t\t\t\t\t\t<p><strong>They gathered the 35 students, the two Jesuits, and three employees, asking them to write down what they experienced that day without discussing it with anyone.<\/strong> Among the declarations were those of Miguel Ch\u00e1vez (cook), Manuel Nieto (shoemaker), and V\u00edctor Medina (13 years old, tailor and baker).<\/p><p>All agreed that on the night of April 20, 1906, the image of the Virgin of Sorrows opened and closed its eyes for about a quarter of an hour. Some witnesses provided more detailed explanations, confirming the evidence of the event.\u00a0<\/p>\t\t\t\t\t\t\t\t<\/div>\n\t\t\t\t<\/div>\n\t\t\t\t<\/div>\n\t\t\t\t<\/div>\n\t\t<div class=\"elementor-element elementor-element-ff804d6 e-con-full e-flex e-con e-parent\" data-id=\"ff804d6\" data-element_type=\"container\" data-e-type=\"container\" data-settings=\"{&quot;_ha_eqh_enable&quot;:false}\">\n\t\t\t\t<div class=\"elementor-element elementor-element-fe2047a elementor-widget elementor-widget-html\" data-id=\"fe2047a\" data-element_type=\"widget\" data-e-type=\"widget\" data-widget_type=\"html.default\">\n\t\t\t\t<div class=\"elementor-widget-container\">\n\t\t\t\t\t<div class=\"texto-fade\">\r\n  <input type=\"checkbox\" id=\"expandir-texto\">\r\n\r\n  <div class=\"contenido\">\r\n\r\n <p>On May 2, 1906, the witnesses formally presented their statements to the authorities and swore to their truthfulness.\r\n<\/p>\r\n<p>\r\nOn May 30, they were asked again to verbally repeat their statements and confirm or adjust them.\r\n <\/p>\r\n\r\n    <p>\r\n      Experts involved included Jos\u00e9 Mar\u00eda Trujillo, Physics Professor at the Central University; Carlos Caldas, Chemistry Professor; Jos\u00e9 Lasso, photographer; and Antonio Salguero, painter. All concluded that the movement of the eyelids could not have been caused by lighting or the conditions of the room, as it repeated multiple times and was witnessed simultaneously by all present.\r\n    <\/p>\r\n\r\n    <p>\r\n      A group of doctors also analyzed the case, concluding that it was not a result of sensory illusion.\r\n    <\/p>\r\n\r\n    <p>\r\n      After all investigations and procedures, the ecclesiastical authority issued its ruling on May 31, 1906, stating in essence:\r\n    <\/p>\r\n\r\n    <div class=\"lista-numerada\">\r\n      <div class=\"item\">\r\n        <span class=\"numero\">1<\/span>\r\n        <p>The event, verified at the Jesuit school, is materially proven to be true.<\/p>\r\n      <\/div>\r\n\r\n      <div class=\"item\">\r\n        <span class=\"numero\">2<\/span>\r\n        <p>Given the circumstances, it cannot be explained by natural causes.<\/p>\r\n      <\/div>\r\n\r\n      <div class=\"item\">\r\n        <span class=\"numero\">3<\/span>\r\n        <p>Based on the context and consequences, it cannot be attributed to diabolical influence.<\/p>\r\n      <\/div>\r\n    <\/div>\r\n<br>\r\n    <p>\r\n      Consequently, it may be believed as purely human and, therefore, veneration of the image responsible for the event is permitted by the Church, allowing the faithful to approach it with special trust.\r\n    <\/p>\r\n\r\n    <p class=\"fuente\">\r\n      Based on the book <strong>Dolorosa del Colegio<\/strong>, <br>by Father Juli\u00e1n Bravo, S.J., and the Canonical Process.\r\n    <\/p>\r\n\r\n  <\/div>\r\n\r\n  <label for=\"expandir-texto\" class=\"ver-mas\"><\/label>\r\n<\/div>\r\n\t\t\t\t<\/div>\n\t\t\t\t<\/div>\n\t\t\t\t<\/div>\n\t\t\t\t<\/div>","protected":false},"excerpt":{"rendered":"<p>Inicio UN PRODIGIO DE AMOR La Dolorosa del Colegio Era la noche del 20 de abril de 1906, en el antiguo edificio del Colegio San Gabriel, en las calles Benalc\u00e1zar y Sucre, en el Centro Hist\u00f3rico de la Ciudad de Quito. Corr\u00edan las vacaciones de Semana Santa. Tan solo 35 estudiantes internos cenaban en el [&hellip;]<\/p>\n","protected":false},"author":12,"featured_media":0,"parent":0,"menu_order":0,"comment_status":"closed","ping_status":"closed","template":"","meta":{"footnotes":""},"class_list":["post-39994","page","type-page","status-publish","hentry"],"_links":{"self":[{"href":"https:\/\/prueba.csgabriel.edu.ec\/en\/wp-json\/wp\/v2\/pages\/39994","targetHints":{"allow":["GET"]}}],"collection":[{"href":"https:\/\/prueba.csgabriel.edu.ec\/en\/wp-json\/wp\/v2\/pages"}],"about":[{"href":"https:\/\/prueba.csgabriel.edu.ec\/en\/wp-json\/wp\/v2\/types\/page"}],"author":[{"embeddable":true,"href":"https:\/\/prueba.csgabriel.edu.ec\/en\/wp-json\/wp\/v2\/users\/12"}],"replies":[{"embeddable":true,"href":"https:\/\/prueba.csgabriel.edu.ec\/en\/wp-json\/wp\/v2\/comments?post=39994"}],"version-history":[{"count":160,"href":"https:\/\/prueba.csgabriel.edu.ec\/en\/wp-json\/wp\/v2\/pages\/39994\/revisions"}],"predecessor-version":[{"id":48522,"href":"https:\/\/prueba.csgabriel.edu.ec\/en\/wp-json\/wp\/v2\/pages\/39994\/revisions\/48522"}],"wp:attachment":[{"href":"https:\/\/prueba.csgabriel.edu.ec\/en\/wp-json\/wp\/v2\/media?parent=39994"}],"curies":[{"name":"wp","href":"https:\/\/api.w.org\/{rel}","templated":true}]}}